{"id":5,"date":"2023-11-08T10:16:15","date_gmt":"2023-11-08T10:16:15","guid":{"rendered":"http:\/\/ra-heukamp.de\/willkommen-auf-http-ra-heukamp-de\/"},"modified":"2025-03-24T10:15:10","modified_gmt":"2025-03-24T09:15:10","slug":"willkommen-bei-ihrer-kanzlei-rechtsanwalt-heukamp","status":"publish","type":"page","link":"http:\/\/ra-heukamp.de\/","title":{"rendered":"Karl-Heinz Heukamp &#8211; Rechtsanwalt"},"content":{"rendered":"\n<h2 class=\"wp-block-heading\">Ihr Rechtsanwalt in Adendorf, Jelmstorf, Bad Bevensen, Uelzen und Salzwedel<\/h2>\n\n\n\n<p>Als Rechtsanwalt betreue ich Sie, meine Mandanten, in Adendorf, Jelmstorf, Bad Bevensen und Salzwedel. An diesen Standorten verhelfe ich Ihnen zu Ihrem Recht. Sie erhalten von mir eine Beratung, eine Betreuung und eine Vertretung vor Gericht.<\/p>\n\n\n\n<p>Ich bin seit 1993 als Rechtsanwalt in meinen beiden Kanzleien in Adendorf und Jelmstorf ans\u00e4ssig und erfolgreich t\u00e4tig. Hinzugekommen sind B\u00fcros\/Zweigstellen in Bad Bevensen, Uelzen und in Salzwedel. <\/p>\n\n\n\n<blockquote class=\"wp-block-quote has-background\" style=\"background-color:#d7dff4\">\n<p class=\"has-text-align-center is-style-plain\"><small>Zu meinen Spezialgebieten geh\u00f6rt das Arbeits- und das <a href=\"#verkehrsrecht\">Verkehrsrecht<\/a>. Als Fachanwalt f\u00fcr <a href=\"#arbeitsrecht\">Arbeitsrecht<\/a> vertrete ich sowohl Arbeitnehmer als auch Arbeitgeber.  Aber auch in Sachen <a href=\"#familienrecht\">Familien<\/a>&#8211; und <a href=\"#mietrecht\">Mietrecht<\/a> bin ich Ihr optimaler Ansprechpartner. Der Fokus der Arbeit meiner Rechtsanwaltskanzlei liegt auf den Bed\u00fcrfnissen der Mandanten. Mithilfe meines Fachwissens und meines Erfahrungsschatzes helfe ich Ihnen, Ihr Recht durchzusetzen. <\/small><\/p>\n\n\n\n<p class=\"has-text-align-center is-style-plain\"><small>Durch die verschiedenen Standorte haben Sie die M\u00f6glichkeit, quasi immer vor Ort einen Termin zu erhalten.<\/small><\/p>\n<\/blockquote>\n\n\n\n<hr class=\"wp-block-separator has-alpha-channel-opacity\"\/>\n\n\n\n<h3 class=\"wp-block-heading\">Meine Standorte &#8211; immer \u00bbvor Ort\u00ab<\/h3>\n\n\n\n<figure class=\"wp-block-pullquote alignwide\"><blockquote><p><strong>Adendorf    \u2022    Bad Bevensen   \u2022   Jelmstorf    \u2022   Uelzen   \u2022   Salzwedel<\/strong><\/p><cite><small>siehe Men\u00fcpunkt <\/small><a href=\"https:\/\/ra-heukamp.de\/?page_id=135\" target=\"_blank\" rel=\"noreferrer noopener\">\u00bbStandorte\u00ab<\/a><\/cite><\/blockquote><\/figure>\n\n\n\n<div style=\"height:28px\" aria-hidden=\"true\" class=\"wp-block-spacer\"><\/div>\n\n\n\n<hr class=\"wp-block-separator has-alpha-channel-opacity\"\/>\n\n\n\n<div class=\"wp-block-columns is-layout-flex wp-container-core-columns-layout-2 wp-block-columns-is-layout-flex\">\n<div class=\"wp-block-column is-layout-flow wp-block-column-is-layout-flow\">\n<h2 class=\"wp-block-heading\" id=\"arbeitsrecht\">Ihr Fachanwalt f\u00fcr Arbeitsrecht<\/h2>\n\n\n\n<div class=\"wp-block-columns is-layout-flex wp-container-core-columns-layout-1 wp-block-columns-is-layout-flex\">\n<div class=\"wp-block-column is-layout-flow wp-block-column-is-layout-flow\" style=\"flex-basis:66.66%\">\n<p class=\"has-background\" style=\"background-color:#eeeeee;font-size:14px\">Das Arbeitsrecht ist ein Rechtsbereich, der alle Gesetze und Verordnungen umfasst, die mit der unselbstst\u00e4ndigen und abh\u00e4ngigen Erwerbst\u00e4tigkeit zu tun haben. <br>Als <strong>Fachanwalt f\u00fcr Arbeitsrecht<\/strong> vertrete ich sowohl Arbeitnehmer als auch Arbeitgeber.<br><\/p>\n\n\n\n<figure class=\"wp-block-image size-large\"><img loading=\"lazy\" decoding=\"async\" width=\"1024\" height=\"480\" src=\"http:\/\/ra-heukamp.de\/wp-content\/uploads\/2023\/11\/Arbeitsrecht7108_02-1024x480.jpg\" alt=\"Arbeitsrecht\" class=\"wp-image-101\" srcset=\"http:\/\/ra-heukamp.de\/wp-content\/uploads\/2023\/11\/Arbeitsrecht7108_02-1024x480.jpg 1024w, http:\/\/ra-heukamp.de\/wp-content\/uploads\/2023\/11\/Arbeitsrecht7108_02-300x141.jpg 300w, http:\/\/ra-heukamp.de\/wp-content\/uploads\/2023\/11\/Arbeitsrecht7108_02-768x360.jpg 768w, http:\/\/ra-heukamp.de\/wp-content\/uploads\/2023\/11\/Arbeitsrecht7108_02-1536x720.jpg 1536w, http:\/\/ra-heukamp.de\/wp-content\/uploads\/2023\/11\/Arbeitsrecht7108_02-2048x961.jpg 2048w\" sizes=\"(max-width: 1024px) 100vw, 1024px\" \/><\/figure>\n<\/div>\n\n\n\n<div class=\"wp-block-column is-layout-flow wp-block-column-is-layout-flow\" style=\"flex-basis:33.33%\">\n<div style=\"height:3px\" aria-hidden=\"true\" class=\"wp-block-spacer\"><\/div>\n\n\n\n<figure class=\"wp-block-image size-full\"><img loading=\"lazy\" decoding=\"async\" width=\"2560\" height=\"1425\" src=\"http:\/\/ra-heukamp.de\/wp-content\/uploads\/2023\/11\/Kuendigung7106_01-scaled.jpg\" alt=\"Arbeitsrecht-K\u00fcndigung\" class=\"wp-image-100\" srcset=\"http:\/\/ra-heukamp.de\/wp-content\/uploads\/2023\/11\/Kuendigung7106_01-scaled.jpg 2560w, http:\/\/ra-heukamp.de\/wp-content\/uploads\/2023\/11\/Kuendigung7106_01-300x167.jpg 300w, http:\/\/ra-heukamp.de\/wp-content\/uploads\/2023\/11\/Kuendigung7106_01-1024x570.jpg 1024w, http:\/\/ra-heukamp.de\/wp-content\/uploads\/2023\/11\/Kuendigung7106_01-768x428.jpg 768w, http:\/\/ra-heukamp.de\/wp-content\/uploads\/2023\/11\/Kuendigung7106_01-1536x855.jpg 1536w, http:\/\/ra-heukamp.de\/wp-content\/uploads\/2023\/11\/Kuendigung7106_01-2048x1140.jpg 2048w\" sizes=\"(max-width: 2560px) 100vw, 2560px\" \/><\/figure>\n\n\n\n<ul>\n<li style=\"font-size:14px\">Abfindungen aushandeln<\/li>\n\n\n\n<li style=\"font-size:14px\">Abmahnungen pr\u00fcfen<\/li>\n\n\n\n<li style=\"font-size:14px\">Arbeitszeugnisse pr\u00fcfen<\/li>\n\n\n\n<li style=\"font-size:14px\">Au\u00dfergerichtliche Einigungen<\/li>\n\n\n\n<li style=\"font-size:14px\">K\u00fcndigung anfechten\/aussprechen<\/li>\n\n\n\n<li style=\"font-size:14px\">K\u00fcndigungsschutzklage bearbeiten<\/li>\n\n\n\n<li style=\"font-size:14px\">Lohnforderungen durchsetzen<\/li>\n\n\n\n<li style=\"font-size:14px\">Wiedereinstellungen durchsetzen\/abwehren<\/li>\n<\/ul>\n<\/div>\n<\/div>\n<\/div>\n<\/div>\n\n\n\n<hr class=\"wp-block-separator has-alpha-channel-opacity\"\/>\n\n\n\n<h2 class=\"wp-block-heading\" id=\"verkehrsrecht\">Beratung und Betreuung im Verkehrsrecht<\/h2>\n\n\n\n<div class=\"wp-block-media-text is-stacked-on-mobile\"><figure class=\"wp-block-media-text__media\"><img loading=\"lazy\" decoding=\"async\" width=\"1024\" height=\"713\" src=\"http:\/\/ra-heukamp.de\/wp-content\/uploads\/2023\/11\/Verkehrsrecht7117_02-1024x713.jpg\" alt=\"Verkehrsrecht\" class=\"wp-image-110 size-full\" srcset=\"http:\/\/ra-heukamp.de\/wp-content\/uploads\/2023\/11\/Verkehrsrecht7117_02-1024x713.jpg 1024w, http:\/\/ra-heukamp.de\/wp-content\/uploads\/2023\/11\/Verkehrsrecht7117_02-300x209.jpg 300w, http:\/\/ra-heukamp.de\/wp-content\/uploads\/2023\/11\/Verkehrsrecht7117_02-768x534.jpg 768w, http:\/\/ra-heukamp.de\/wp-content\/uploads\/2023\/11\/Verkehrsrecht7117_02-1536x1069.jpg 1536w, http:\/\/ra-heukamp.de\/wp-content\/uploads\/2023\/11\/Verkehrsrecht7117_02-2048x1425.jpg 2048w\" sizes=\"(max-width: 1024px) 100vw, 1024px\" \/><\/figure><div class=\"wp-block-media-text__content\">\n<p style=\"font-size:14px\">Meine Rechtsanwaltskanzlei bietet Ihnen eine komplette anwaltliche Vertretung im Bereich Verkehrsrecht. Das Verkehrsrecht umfasst s\u00e4mtliche Rechtsnormen, die mit dem Verkehr zusammenh\u00e4ngen. Anwaltlicher Rat ist hier angeraten, denn dieser Rechtsbereich ist \u00e4u\u00dferst komplex. Er setzt sich aus verschiedenen Vorschriften des \u00f6ffentlichen Rechts sowie des Privatrechts zusammen.<\/p>\n\n\n\n<p><\/p>\n\n\n\n<p><\/p>\n<\/div><\/div>\n\n\n\n<div class=\"wp-block-media-text has-media-on-the-right is-stacked-on-mobile\"><div class=\"wp-block-media-text__content\">\n<p style=\"font-size:14px\">Wenden Sie sich vertrauensvoll an meine Kanzlei &#8211; ich helfe Ihnen weiter. Gerade dann, wenn ein Verkehrsunfall vorliegt, ist es oft schwierig zu kl\u00e4ren, wer der Verursacher war und ob ein solcher \u00fcberhaupt festzumachen ist  &#8211;  Stichwort Verkehrshaftungsrecht. Gerne k\u00fcmmere ich mich um alles und nehme eine umfassende Analyse der Unfallsituation vor.<\/p>\n\n\n\n<p style=\"font-size:14px\">Bu\u00dfgeldbescheiden oder drohender F\u00fchrerscheinverlust? Hier spielt zeitnahes Handeln eine wichtige Rolle auf dem Weg zum Erfolg. Gern pr\u00fcfe ich f\u00fcr Sie, ob ein Ordnungsgeld rechtens ist oder ob der Entzug der Fahrerlaubnis wirklich angemessen ist.<\/p>\n<\/div><figure class=\"wp-block-media-text__media\"><img decoding=\"async\" src=\"http:\/\/ra-heukamp.de\/wp-content\/uploads\/2023\/11\/Bussgeld7113_-1024x698.jpg\" alt=\"Verkehrsrecht - Bu\u00dfgeld\" class=\"wp-image-112 size-full\"\/><\/figure><\/div>\n\n\n\n<hr class=\"wp-block-separator has-alpha-channel-opacity\"\/>\n\n\n\n<h2 class=\"wp-block-heading\" id=\"familienrecht\">Beratung und Betreuung im Bereich Familienrecht<\/h2>\n\n\n\n<p class=\"has-background\" style=\"background-color:#eeeeee;font-size:14px\">Das Familienrecht betrifft eigentlich fast jeden fr\u00fcher oder sp\u00e4ter. Das Familienrecht regelt jene Rechtsverh\u00e4ltnisse, die durch Ehe, Lebenspartnerschaft, Familie oder Verwandtschaft zwischen verschiedenen Personen bestehen. <br><br>In meiner Rechtsanwaltskanzlei gebe ich Ihnen detaillierte Beratungen, bevor wir eine gerichtliche oder au\u00dfergerichtliche Einigung anstreben.<br><br>Gesetzliche Vertretungsfunktionen, die auch au\u00dferhalb der Verwandtschaft bestehen k\u00f6nnen, geh\u00f6ren ebenfalls dem Familienrecht an. Solche Vertreterfunktionen gelten etwa bei einer Vormundschaft oder Pflegschaft, aber auch bei einer rechtlichen Betreuung.<\/p>\n\n\n\n<div class=\"wp-block-media-text is-stacked-on-mobile\"><figure class=\"wp-block-media-text__media\"><img loading=\"lazy\" decoding=\"async\" width=\"1024\" height=\"683\" src=\"http:\/\/ra-heukamp.de\/wp-content\/uploads\/2023\/11\/Familienrecht7129_-1024x683.jpg\" alt=\"Familienrecht\" class=\"wp-image-119 size-full\" srcset=\"http:\/\/ra-heukamp.de\/wp-content\/uploads\/2023\/11\/Familienrecht7129_-1024x683.jpg 1024w, http:\/\/ra-heukamp.de\/wp-content\/uploads\/2023\/11\/Familienrecht7129_-300x200.jpg 300w, http:\/\/ra-heukamp.de\/wp-content\/uploads\/2023\/11\/Familienrecht7129_-768x512.jpg 768w, http:\/\/ra-heukamp.de\/wp-content\/uploads\/2023\/11\/Familienrecht7129_-1536x1024.jpg 1536w, http:\/\/ra-heukamp.de\/wp-content\/uploads\/2023\/11\/Familienrecht7129_-2048x1365.jpg 2048w\" sizes=\"(max-width: 1024px) 100vw, 1024px\" \/><\/figure><div class=\"wp-block-media-text__content\">\n<ul>\n<li style=\"font-size:14px;font-style:normal;font-weight:200\">Ehe, Trennung, Scheidung<\/li>\n\n\n\n<li style=\"font-size:14px;font-style:normal;font-weight:200\">Ehevertr\u00e4ge<\/li>\n\n\n\n<li style=\"font-size:14px;font-style:normal;font-weight:200\">Pflegeschaft<\/li>\n\n\n\n<li style=\"font-size:14px;font-style:normal;font-weight:200\">Scheidungsrecht<\/li>\n\n\n\n<li style=\"font-size:14px;font-style:normal;font-weight:200\">Sorgerecht<\/li>\n\n\n\n<li style=\"font-size:14px;font-style:normal;font-weight:200\">Trennungs- und Scheidungsfolgenvereinbarung<\/li>\n\n\n\n<li style=\"font-size:14px;font-style:normal;font-weight:200\">Umgangsrecht<\/li>\n\n\n\n<li style=\"font-size:14px;font-style:normal;font-weight:200\">Unterhaltsrecht<\/li>\n\n\n\n<li style=\"font-size:14px;font-style:normal;font-weight:200\">Verm\u00f6gensauseinandersetzungen<\/li>\n\n\n\n<li style=\"font-size:14px;font-style:normal;font-weight:200\">Vormundschaft<\/li>\n<\/ul>\n<\/div><\/div>\n\n\n\n<hr class=\"wp-block-separator has-text-color has-alpha-channel-opacity has-background\" style=\"background-color:#ededed;color:#ededed\"\/>\n\n\n\n<h2 class=\"wp-block-heading\" id=\"mietrecht\">Mietrecht &#8211; Beratung und Vertretung f\u00fcr Mieter und Vermieter<\/h2>\n\n\n\n<p class=\"has-background\" style=\"background-color:#eeeeee;font-size:14px\">Meine Rechtsanwaltskanzlei hilft Ihnen schnell und kompetent weiter, wenn es zu Problemen im Bereich des Mietrechtes kommt. Dabei spielt es keine Rolle, ob Sie eine Einigung au\u00dferhalb des Gerichts anstreben oder den Gang vor Gericht nicht scheuen. Als Mieter oder Vermieter sind Sie bei mit in &#8222;guten H\u00e4nden&#8220;. <\/p>\n\n\n\n<h3 class=\"wp-block-heading has-background\" style=\"background-color:#eeeeee\"><strong>H\u00e4ufige Themen im Mietrecht<\/strong><\/h3>\n\n\n\n<div class=\"wp-block-columns is-layout-flex wp-container-core-columns-layout-3 wp-block-columns-is-layout-flex\">\n<div class=\"wp-block-column is-layout-flow wp-block-column-is-layout-flow\">\n<ul style=\"background-color:#eeeeee\" class=\"has-background\">\n<ul style=\"background-color:#eeeeee\" class=\"has-background\">\n<li style=\"font-size:14px\">Miet- und Wohnungsk\u00fcndigungen<\/li>\n\n\n\n<li style=\"font-size:14px\">Pacht<\/li>\n\n\n\n<li style=\"font-size:14px\">Erstellung rechtssicherer Mietvertr\u00e4ge<\/li>\n\n\n\n<li style=\"font-size:14px\">Mietm\u00e4ngel<\/li>\n\n\n\n<li style=\"font-size:14px\">Nebenkostenabrechnung<\/li>\n\n\n\n<li style=\"font-size:14px\">Mietzahlungen\/Mietschulden<\/li>\n\n\n\n<li style=\"font-size:14px\">Sch\u00f6nheits- und Wohnungsrenovierungen<\/li>\n\n\n\n<li style=\"font-size:14px\">Wohnungs\u00fcbergaben                                                                                                                        <br><\/li>\n<\/ul>\n<\/ul>\n<\/div>\n\n\n\n<div class=\"wp-block-column is-layout-flow wp-block-column-is-layout-flow\"><div class=\"wp-block-image\">\n<figure class=\"alignright size-large is-resized\"><img loading=\"lazy\" decoding=\"async\" width=\"1024\" height=\"683\" src=\"http:\/\/ra-heukamp.de\/wp-content\/uploads\/2023\/11\/Mietrecht7136_01-1024x683.jpg\" alt=\"Mietrecht\" class=\"wp-image-131\" style=\"width:267px;height:auto\" srcset=\"http:\/\/ra-heukamp.de\/wp-content\/uploads\/2023\/11\/Mietrecht7136_01-1024x683.jpg 1024w, http:\/\/ra-heukamp.de\/wp-content\/uploads\/2023\/11\/Mietrecht7136_01-300x200.jpg 300w, http:\/\/ra-heukamp.de\/wp-content\/uploads\/2023\/11\/Mietrecht7136_01-768x512.jpg 768w, http:\/\/ra-heukamp.de\/wp-content\/uploads\/2023\/11\/Mietrecht7136_01-1536x1024.jpg 1536w, http:\/\/ra-heukamp.de\/wp-content\/uploads\/2023\/11\/Mietrecht7136_01-2048x1365.jpg 2048w\" sizes=\"(max-width: 1024px) 100vw, 1024px\" \/><figcaption class=\"wp-element-caption\"><em>Mietrecht<\/em><\/figcaption><\/figure><\/div><\/div>\n<\/div>\n\n\n\n<p class=\"has-background\" style=\"background-color:#eeeeee;font-size:14px\">Ich kl\u00e4re Sie \u00fcber Ihr Recht bei Wohnraummietverh\u00e4ltnissen auf. Zudem betreue ich Sie in Fragen zu Gewerberaummietverh\u00e4ltnissen und dem Pachtrecht. <br>Bei Mietk\u00fcndigung durch Ihren Vermieter pr\u00fcfe ich, ob die K\u00fcndigung eine rechtliche Grundlage hat. <br>Vermietern helfe ich, einen rechtlich verbindlichen Mietvertrag aufzusetzen.<\/p>\n\n\n\n<p class=\"has-background\" style=\"background-color:#eeeeee;font-size:14px\">Sollten Sie als Mieter Fragen zu Ihrem Mietvertrag haben, k\u00f6nnen Sie sich ebenfalls mit mir in Verbindung setzen. Gerade in Sachen Sch\u00f6nheitsrenovierungen und der Wohnungsrenovierung bei Wohnungs\u00fcbergabe gibt es immer wieder Streitigkeiten zwischen den Parteien.<\/p>\n\n\n\n<hr class=\"wp-block-separator has-alpha-channel-opacity\"\/>\n","protected":false},"excerpt":{"rendered":"<p>Ihr Rechtsanwalt in Adendorf, Jelmstorf, Bad Bevensen, Uelzen und Salzwedel Als Rechtsanwalt betreue ich Sie, meine Mandanten, in Adendorf, Jelmstorf, Bad Bevensen und Salzwedel. An diesen Standorten verhelfe ich Ihnen [&hellip;]<\/p>\n","protected":false},"author":1,"featured_media":0,"parent":0,"menu_order":0,"comment_status":"closed","ping_status":"open","template":"","meta":{"footnotes":""},"yoast_head":"<!-- This site is optimized with the Yoast SEO plugin v23.5 - https:\/\/yoast.com\/wordpress\/plugins\/seo\/ -->\n<title>Verkehrsrecht Mietrecht Familienrecht Fachanwalt f\u00fcr Arbeitsrecht Kanzlei Heukamp<\/title>\n<meta name=\"description\" content=\"Fachanwalt f\u00fcr Arbeitsrecht - Familienrecht, Verkehrsrecht, Mietrecht, usw. in Adendorf, Uelzen, Salzwedel, Jelmstorf, Bad Bevensen\" \/>\n<meta name=\"robots\" content=\"index, follow, max-snippet:-1, max-image-preview:large, max-video-preview:-1\" \/>\n<link rel=\"canonical\" href=\"https:\/\/ra-heukamp.de\/\" \/>\n<meta property=\"og:locale\" content=\"de_DE\" \/>\n<meta property=\"og:type\" content=\"article\" \/>\n<meta property=\"og:title\" content=\"Verkehrsrecht Mietrecht Familienrecht Fachanwalt f\u00fcr Arbeitsrecht Kanzlei Heukamp\" \/>\n<meta property=\"og:description\" content=\"Fachanwalt f\u00fcr Arbeitsrecht - Familienrecht, Verkehrsrecht, Mietrecht, usw. in Adendorf, Uelzen, Salzwedel, Jelmstorf, Bad Bevensen\" \/>\n<meta property=\"og:url\" content=\"https:\/\/ra-heukamp.de\/\" \/>\n<meta property=\"og:site_name\" content=\"Kanzlei Heukamp\" \/>\n<meta property=\"article:modified_time\" content=\"2025-03-24T09:15:10+00:00\" \/>\n<meta property=\"og:image\" content=\"http:\/\/ra-heukamp.de\/wp-content\/uploads\/2023\/11\/Arbeitsrecht7108_02-1024x480.jpg\" \/>\n<meta name=\"twitter:card\" content=\"summary_large_image\" \/>\n<meta name=\"twitter:label1\" content=\"Gesch\u00e4tzte Lesezeit\" \/>\n\t<meta name=\"twitter:data1\" content=\"5 Minuten\" \/>\n<script type=\"application\/ld+json\" class=\"yoast-schema-graph\">{\"@context\":\"https:\/\/schema.org\",\"@graph\":[{\"@type\":\"WebPage\",\"@id\":\"https:\/\/ra-heukamp.de\/\",\"url\":\"https:\/\/ra-heukamp.de\/\",\"name\":\"Verkehrsrecht Mietrecht Familienrecht Fachanwalt f\u00fcr Arbeitsrecht Kanzlei Heukamp\",\"isPartOf\":{\"@id\":\"https:\/\/ra-heukamp.de\/#website\"},\"primaryImageOfPage\":{\"@id\":\"https:\/\/ra-heukamp.de\/#primaryimage\"},\"image\":{\"@id\":\"https:\/\/ra-heukamp.de\/#primaryimage\"},\"thumbnailUrl\":\"http:\/\/ra-heukamp.de\/wp-content\/uploads\/2023\/11\/Arbeitsrecht7108_02-1024x480.jpg\",\"datePublished\":\"2023-11-08T10:16:15+00:00\",\"dateModified\":\"2025-03-24T09:15:10+00:00\",\"description\":\"Fachanwalt f\u00fcr Arbeitsrecht - Familienrecht, Verkehrsrecht, Mietrecht, usw. in Adendorf, Uelzen, Salzwedel, Jelmstorf, Bad Bevensen\",\"breadcrumb\":{\"@id\":\"https:\/\/ra-heukamp.de\/#breadcrumb\"},\"inLanguage\":\"de-DE\",\"potentialAction\":[{\"@type\":\"ReadAction\",\"target\":[\"https:\/\/ra-heukamp.de\/\"]}]},{\"@type\":\"ImageObject\",\"inLanguage\":\"de-DE\",\"@id\":\"https:\/\/ra-heukamp.de\/#primaryimage\",\"url\":\"http:\/\/ra-heukamp.de\/wp-content\/uploads\/2023\/11\/Arbeitsrecht7108_02-scaled.jpg\",\"contentUrl\":\"http:\/\/ra-heukamp.de\/wp-content\/uploads\/2023\/11\/Arbeitsrecht7108_02-scaled.jpg\",\"width\":2560,\"height\":1201,\"caption\":\"Arbeitsrecht\"},{\"@type\":\"BreadcrumbList\",\"@id\":\"https:\/\/ra-heukamp.de\/#breadcrumb\",\"itemListElement\":[{\"@type\":\"ListItem\",\"position\":1,\"name\":\"Startseite\",\"item\":\"https:\/\/ra-heukamp.de\/\"},{\"@type\":\"ListItem\",\"position\":2,\"name\":\"Karl-Heinz Heukamp &#8211; Rechtsanwalt\"}]},{\"@type\":\"WebSite\",\"@id\":\"https:\/\/ra-heukamp.de\/#website\",\"url\":\"https:\/\/ra-heukamp.de\/\",\"name\":\"Kanzlei Heukamp\",\"description\":\"Karl-Heinz Heukamp Rechtsanwalt in Adendorf, Jelmstorf, Uelzen, Bad Bevensen, Salzwedel: Arbeitsrecht, Familienrecht, Verkehrsrecht und Mietrecht\",\"potentialAction\":[{\"@type\":\"SearchAction\",\"target\":{\"@type\":\"EntryPoint\",\"urlTemplate\":\"https:\/\/ra-heukamp.de\/?s={search_term_string}\"},\"query-input\":{\"@type\":\"PropertyValueSpecification\",\"valueRequired\":true,\"valueName\":\"search_term_string\"}}],\"inLanguage\":\"de-DE\"}]}<\/script>\n<!-- \/ Yoast SEO plugin. -->","yoast_head_json":{"title":"Verkehrsrecht Mietrecht Familienrecht Fachanwalt f\u00fcr Arbeitsrecht Kanzlei Heukamp","description":"Fachanwalt f\u00fcr Arbeitsrecht - Familienrecht, Verkehrsrecht, Mietrecht, usw. in Adendorf, Uelzen, Salzwedel, Jelmstorf, Bad Bevensen","robots":{"index":"index","follow":"follow","max-snippet":"max-snippet:-1","max-image-preview":"max-image-preview:large","max-video-preview":"max-video-preview:-1"},"canonical":"https:\/\/ra-heukamp.de\/","og_locale":"de_DE","og_type":"article","og_title":"Verkehrsrecht Mietrecht Familienrecht Fachanwalt f\u00fcr Arbeitsrecht Kanzlei Heukamp","og_description":"Fachanwalt f\u00fcr Arbeitsrecht - Familienrecht, Verkehrsrecht, Mietrecht, usw. in Adendorf, Uelzen, Salzwedel, Jelmstorf, Bad Bevensen","og_url":"https:\/\/ra-heukamp.de\/","og_site_name":"Kanzlei Heukamp","article_modified_time":"2025-03-24T09:15:10+00:00","og_image":[{"url":"http:\/\/ra-heukamp.de\/wp-content\/uploads\/2023\/11\/Arbeitsrecht7108_02-1024x480.jpg"}],"twitter_card":"summary_large_image","twitter_misc":{"Gesch\u00e4tzte Lesezeit":"5 Minuten"},"schema":{"@context":"https:\/\/schema.org","@graph":[{"@type":"WebPage","@id":"https:\/\/ra-heukamp.de\/","url":"https:\/\/ra-heukamp.de\/","name":"Verkehrsrecht Mietrecht Familienrecht Fachanwalt f\u00fcr Arbeitsrecht Kanzlei Heukamp","isPartOf":{"@id":"https:\/\/ra-heukamp.de\/#website"},"primaryImageOfPage":{"@id":"https:\/\/ra-heukamp.de\/#primaryimage"},"image":{"@id":"https:\/\/ra-heukamp.de\/#primaryimage"},"thumbnailUrl":"http:\/\/ra-heukamp.de\/wp-content\/uploads\/2023\/11\/Arbeitsrecht7108_02-1024x480.jpg","datePublished":"2023-11-08T10:16:15+00:00","dateModified":"2025-03-24T09:15:10+00:00","description":"Fachanwalt f\u00fcr Arbeitsrecht - Familienrecht, Verkehrsrecht, Mietrecht, usw. in Adendorf, Uelzen, Salzwedel, Jelmstorf, Bad Bevensen","breadcrumb":{"@id":"https:\/\/ra-heukamp.de\/#breadcrumb"},"inLanguage":"de-DE","potentialAction":[{"@type":"ReadAction","target":["https:\/\/ra-heukamp.de\/"]}]},{"@type":"ImageObject","inLanguage":"de-DE","@id":"https:\/\/ra-heukamp.de\/#primaryimage","url":"http:\/\/ra-heukamp.de\/wp-content\/uploads\/2023\/11\/Arbeitsrecht7108_02-scaled.jpg","contentUrl":"http:\/\/ra-heukamp.de\/wp-content\/uploads\/2023\/11\/Arbeitsrecht7108_02-scaled.jpg","width":2560,"height":1201,"caption":"Arbeitsrecht"},{"@type":"BreadcrumbList","@id":"https:\/\/ra-heukamp.de\/#breadcrumb","itemListElement":[{"@type":"ListItem","position":1,"name":"Startseite","item":"https:\/\/ra-heukamp.de\/"},{"@type":"ListItem","position":2,"name":"Karl-Heinz Heukamp &#8211; Rechtsanwalt"}]},{"@type":"WebSite","@id":"https:\/\/ra-heukamp.de\/#website","url":"https:\/\/ra-heukamp.de\/","name":"Kanzlei Heukamp","description":"Karl-Heinz Heukamp Rechtsanwalt in Adendorf, Jelmstorf, Uelzen, Bad Bevensen, Salzwedel: Arbeitsrecht, Familienrecht, Verkehrsrecht und Mietrecht","potentialAction":[{"@type":"SearchAction","target":{"@type":"EntryPoint","urlTemplate":"https:\/\/ra-heukamp.de\/?s={search_term_string}"},"query-input":{"@type":"PropertyValueSpecification","valueRequired":true,"valueName":"search_term_string"}}],"inLanguage":"de-DE"}]}},"_links":{"self":[{"href":"http:\/\/ra-heukamp.de\/index.php?rest_route=\/wp\/v2\/pages\/5"}],"collection":[{"href":"http:\/\/ra-heukamp.de\/index.php?rest_route=\/wp\/v2\/pages"}],"about":[{"href":"http:\/\/ra-heukamp.de\/index.php?rest_route=\/wp\/v2\/types\/page"}],"author":[{"embeddable":true,"href":"http:\/\/ra-heukamp.de\/index.php?rest_route=\/wp\/v2\/users\/1"}],"replies":[{"embeddable":true,"href":"http:\/\/ra-heukamp.de\/index.php?rest_route=%2Fwp%2Fv2%2Fcomments&post=5"}],"version-history":[{"count":82,"href":"http:\/\/ra-heukamp.de\/index.php?rest_route=\/wp\/v2\/pages\/5\/revisions"}],"predecessor-version":[{"id":207,"href":"http:\/\/ra-heukamp.de\/index.php?rest_route=\/wp\/v2\/pages\/5\/revisions\/207"}],"wp:attachment":[{"href":"http:\/\/ra-heukamp.de\/index.php?rest_route=%2Fwp%2Fv2%2Fmedia&parent=5"}],"curies":[{"name":"wp","href":"https:\/\/api.w.org\/{rel}","templated":true}]}}